{"id":939,"date":"2018-06-29T17:10:36","date_gmt":"2018-06-29T20:10:36","guid":{"rendered":"https:\/\/ens4-caba.infd.edu.ar\/sitio\/horario-de-atencion\/"},"modified":"2024-10-28T11:01:23","modified_gmt":"2024-10-28T14:01:23","slug":"horario-de-atencion","status":"publish","type":"page","link":"https:\/\/ens4-caba.infd.edu.ar\/sitio\/horario-de-atencion\/","title":{"rendered":"Historia"},"content":{"rendered":"<p><strong>Historia de la Biblioteca Central \u201c<em>Avelino Herrera<\/em>\u201d<\/strong><\/p>\n<p><img decoding=\"async\" loading=\"lazy\" class=\"size-full wp-image-2243 aligncenter\" src=\"https:\/\/ens4-caba.infd.edu.ar\/sitio\/wp-content\/uploads\/2020\/10\/Imagen-2.png\" alt=\"\" width=\"720\" height=\"480\" \/><\/p>\n<p>En el a\u00f1o 1908, conjuntamente con la creaci\u00f3n de la Escuela, se crea la <strong>Biblioteca\u00a0de la ENS N\u00b04<\/strong> y su Director fundador fue\u00a0\u00a0\u00a0el Profesor <em>Avelino Herrera<\/em>. Los primeros libros provinieron de las donaciones del Ministerio\u00a0de Justicia e Instrucci\u00f3n P\u00fablica.<\/p>\n<p>En 1910 se traslada la Escuela desde el barrio de Flores al actual edificio\u00a0ubicado en Avenida Rivadavia 4950.<\/p>\n<p>En 1923 se constituye la Asociaci\u00f3n de Exalumnas y en 1925 se crea la <strong>Biblioteca Infantil<\/strong>,\u00a0dependiente de la Asociaci\u00f3n de Exalumnas.<\/p>\n<p>Con el tiempo se establecieron las dos Bibliotecas en el mismo lugar, en el subsuelo, que es el sitio que hoy ocupa: la <strong>Biblioteca Infantil<\/strong> de las Exalumnas \u2013 que pas\u00f3 a ser p\u00fablica y popular-, y la Institucional <strong>Biblioteca\u00a0de la ENS N\u00b04<\/strong>, con personal del establecimiento.<\/p>\n<p>En 1990 la Rectora Profesora M.A. Bianchi preconiza el Proyecto de la \u201c<strong>Biblioteca \u00fanica y central<\/strong>\u201d que brinde servicios a todos los niveles y que se institucionaliza en el a\u00f1o 2005, pasando a depender de la Rector\u00eda.<\/p>\n<p>En 2011, la Comisi\u00f3n Directiva de la Asociaci\u00f3n de Exalumnas\u00a0procede a hacer entrega formal del patrimonio de la Biblioteca Popular \u201cAvelino Herrera\u201d a las autoridades de la ENS N\u00b04 y a imponer el nombre <strong>Biblioteca Central \u201c<em>Avelino Herrera<\/em>\u201d.<\/strong><\/p>\n<p>La Biblioteca Central en la Escuela debe satisfacer las necesidades de informaci\u00f3n a todos los docentes y estudiantes de Nivel Inicial, Nivel Primario, Nivel Medio, Nivel Terciario y al resto del personal, con recursos para toda la comunidad educativa.<\/p>\n<p>Los proyectos de la Biblioteca se implementan en el marco del Proyecto Institucional, considerando la articulaci\u00f3n, integraci\u00f3n, di\u00e1logo y retroalimentaci\u00f3n permanente de la comunidad escolar toda.<\/p>\n<p>Dice Ana Dobra (Dobra, 1997): \u201c<em>El lector es la raz\u00f3n de ser de una Biblioteca. Entonces, hacia \u00e9l tiene que estar dirigida toda su atenci\u00f3n, su organizaci\u00f3n t\u00e9cnica y administrativa con el prop\u00f3sito de brindarle- de la mejor forma posible- informaci\u00f3n, educaci\u00f3n, cultura y recreaci\u00f3n\u00bb.<\/em><\/p>\n<p><img decoding=\"async\" loading=\"lazy\" class=\"size-full wp-image-2244 aligncenter\" src=\"https:\/\/ens4-caba.infd.edu.ar\/sitio\/wp-content\/uploads\/2020\/10\/Imagen-3.png\" alt=\"\" width=\"438\" height=\"524\" \/><\/p>\n<p style=\"text-align: center;\">Retrato del primer Director de la Escuela\u00a0Prof. Avelino Herrera<\/p>\n<p><strong>\u00a0<\/strong><\/p>\n<p><a href=\"https:\/\/drive.google.com\/drive\/folders\/1dbaJdlNuTK5c1qQLir1ARj_U5k9NDIxq?usp=sharing\"><strong>Historia de la Biblioteca y de la ENS N\u00b0 4<\/strong><\/a><\/p>\n","protected":false},"excerpt":{"rendered":"<p>Historia de la Biblioteca Central \u201cAvelino Herrera\u201d En el a\u00f1o 1908, conjuntamente con la creaci\u00f3n de la Escuela, se crea la Biblioteca\u00a0de la ENS N\u00b04 y su Director fundador fue\u00a0\u00a0\u00a0el Profesor Avelino Herrera. Los primeros libros provinieron de las donaciones del Ministerio\u00a0de Justicia e Instrucci\u00f3n P\u00fablica. En 1910 se traslada la Escuela desde el barrio &#8230; <a title=\"Historia\" class=\"read-more\" href=\"https:\/\/ens4-caba.infd.edu.ar\/sitio\/horario-de-atencion\/\" aria-label=\"More on Historia\">[+]<\/a><\/p>\n","protected":false},"author":7,"featured_media":0,"parent":0,"menu_order":0,"comment_status":"closed","ping_status":"closed","template":"","meta":[],"acf":[],"_links":{"self":[{"href":"https:\/\/ens4-caba.infd.edu.ar\/sitio\/wp-json\/wp\/v2\/pages\/939"}],"collection":[{"href":"https:\/\/ens4-caba.infd.edu.ar\/sitio\/wp-json\/wp\/v2\/pages"}],"about":[{"href":"https:\/\/ens4-caba.infd.edu.ar\/sitio\/wp-json\/wp\/v2\/types\/page"}],"author":[{"embeddable":true,"href":"https:\/\/ens4-caba.infd.edu.ar\/sitio\/wp-json\/wp\/v2\/users\/7"}],"replies":[{"embeddable":true,"href":"https:\/\/ens4-caba.infd.edu.ar\/sitio\/wp-json\/wp\/v2\/comments?post=939"}],"version-history":[{"count":10,"href":"https:\/\/ens4-caba.infd.edu.ar\/sitio\/wp-json\/wp\/v2\/pages\/939\/revisions"}],"predecessor-version":[{"id":3370,"href":"https:\/\/ens4-caba.infd.edu.ar\/sitio\/wp-json\/wp\/v2\/pages\/939\/revisions\/3370"}],"wp:attachment":[{"href":"https:\/\/ens4-caba.infd.edu.ar\/sitio\/wp-json\/wp\/v2\/media?parent=939"}],"curies":[{"name":"wp","href":"https:\/\/api.w.org\/{rel}","templated":true}]}}