{"id":937,"date":"2018-06-29T17:10:35","date_gmt":"2018-06-29T20:10:35","guid":{"rendered":"https:\/\/ens4-caba.infd.edu.ar\/sitio\/antecedentes-historicos\/"},"modified":"2026-02-25T17:30:39","modified_gmt":"2026-02-25T20:30:39","slug":"antecedentes-historicos","status":"publish","type":"page","link":"https:\/\/ens4-caba.infd.edu.ar\/sitio\/antecedentes-historicos\/","title":{"rendered":"Biblioteca Central \u201cAvelino Herrera\u201d"},"content":{"rendered":"<p><a href=\"https:\/\/bibliocentralens4.wixsite.com\/my-site\"><b><img decoding=\"async\" loading=\"lazy\" class=\"alignnone  wp-image-2620\" src=\"https:\/\/ens4-caba.infd.edu.ar\/sitio\/wp-content\/uploads\/2022\/08\/dddd-1000x567.jpg\" alt=\"\" width=\"963\" height=\"546\" srcset=\"https:\/\/ens4-caba.infd.edu.ar\/sitio\/wp-content\/uploads\/2022\/08\/dddd-1000x567.jpg 1000w, https:\/\/ens4-caba.infd.edu.ar\/sitio\/wp-content\/uploads\/2022\/08\/dddd-768x436.jpg 768w, https:\/\/ens4-caba.infd.edu.ar\/sitio\/wp-content\/uploads\/2022\/08\/dddd.jpg 1234w\" sizes=\"(max-width: 963px) 100vw, 963px\" \/><\/b><\/a><\/p>\n<p style=\"text-align: left;\"><a href=\"https:\/\/bibliocentralens4.wixsite.com\/my-site\"><b>Sitio Web de la Biblioteca<\/b><\/a><\/p>\n<p style=\"text-align: left;\"><b>Informaci\u00f3n general<\/b><\/p>\n<p><span style=\"font-weight: 400;\">La Biblioteca como unidad centralizada es un espacio de lectura, de estudio, de consulta, de informaci\u00f3n, de investigaci\u00f3n, y tambi\u00e9n de encuentros, de intercambio com\u00fan, que enriquece la ense\u00f1anza y el aprendizaje, favoreciendo la autonom\u00eda y responsabilidad de los\/las usuarios\/as, promoviendo el h\u00e1bito y el placer de la lectura, generando experiencias en el campo de la cultura y articulando con todos los niveles educativos de la instituci\u00f3n: inicial, primario, medio, terciario y post\u00edtulos.\u00a0<\/span><\/p>\n<p><span style=\"font-weight: 400;\">Cuenta con dos salas, posee una importante colecci\u00f3n general y especialmente diversificada en Educaci\u00f3n, Formaci\u00f3n Docente y Literatura Infantil y Juvenil.<\/span><\/p>\n<p><span style=\"font-weight: 400;\">Seg\u00fan lo establecido en el Art. 28 del\u00a0Reglamento Org\u00e1nico para las Escuelas Normales Superiores:<\/span><b>\u00a0<\/b><span style=\"font-weight: 400;\">\u201c<\/span><i><span style=\"font-weight: 400;\">La Biblioteca y Centro de Documentaci\u00f3n\u00a0es la unidad de apoyo a la gesti\u00f3n acad\u00e9mica dependiente del Rectorado, responsable de la organizaci\u00f3n, conservaci\u00f3n y distribuci\u00f3n de bibliograf\u00eda, documentaci\u00f3n e informaci\u00f3n vinculada a las actividades de docencia, investigaci\u00f3n y extensi\u00f3n.<\/span><\/i><span style=\"font-weight: 400;\">\u201d<\/span><\/p>\n<hr \/>\n<p><b>Misi\u00f3n<\/b><\/p>\n<p><span style=\"font-weight: 400;\">La misi\u00f3n de la Biblioteca Central es optimizar su organizaci\u00f3n, funcionamiento y servicios para satisfacer las necesidades de informaci\u00f3n de <\/span><span style=\"font-weight: 400;\">todos los miembros de la comunidad escolar.\u00a0<\/span><\/p>\n<p><span style=\"font-weight: 400;\">Para llevar a cabo la misi\u00f3n enunciada la gesti\u00f3n bibliotecaria planifica las actividades y servicios espec\u00edficos de una biblioteca escolar, como la Alfabetizaci\u00f3n Informacional, Formaci\u00f3n de Usuarios, Promoci\u00f3n de la lectura y Actividades de extensi\u00f3n cultural.<\/span><\/p>\n<hr \/>\n<p><b>Visi\u00f3n<\/b><\/p>\n<p><span style=\"font-weight: 400;\">La Biblioteca Central se propone m<\/span><span style=\"font-weight: 400;\">ejorar la imagen y visibilidad de la Biblioteca dentro de la instituci\u00f3n para <\/span><span style=\"font-weight: 400;\">ser reconocida como el espacio garante del acceso a la informaci\u00f3n, asegurando la igualdad de oportunidades y posibilidades para toda la comunidad educativa.<\/span><\/p>\n<hr \/>\n<p><b>Metas<\/b><\/p>\n<p><span style=\"font-weight: 400;\">Asegurar a los\/las estudiantes, docentes, graduados\/as, personal administrativo y auxiliar de la instituci\u00f3n e investigadores\/as de la educaci\u00f3n, el acceso a la informaci\u00f3n especializada de calidad.\u00a0<\/span><\/p>\n<hr \/>\n<p><b>Objetivos<\/b><\/p>\n<ul>\n<li style=\"font-weight: 400;\"><span style=\"font-weight: 400;\">Atender las necesidades de informaci\u00f3n de todos los miembros de la comunidad educativa de la ENS N\u00b0 4: estudiantes, docentes, graduados\/as, personal administrativo y auxiliar de la instituci\u00f3n e investigadores\/as de la educaci\u00f3n.\u00a0<\/span><\/li>\n<li style=\"font-weight: 400;\"><span style=\"font-weight: 400;\">Optimizar la organizaci\u00f3n y funcionamiento de la Biblioteca como Centro de Recursos para la ense\u00f1anza y el aprendizaje integrado en el Proyecto Educativo.<\/span><\/li>\n<li style=\"font-weight: 400;\"><span style=\"font-weight: 400;\">Mejorar la calidad de los servicios y recursos, seleccionando aquellos que respondan y ampl\u00eden los requerimientos curriculares.\u00a0<\/span><\/li>\n<li style=\"font-weight: 400;\"><span style=\"font-weight: 400;\">Formar usuarios\/as aut\u00f3nomos\/as, reflexivos\/as, con el h\u00e1bito de utilizaci\u00f3n de la Biblioteca como recurso de informaci\u00f3n, investigaci\u00f3n, aprendizaje y recreaci\u00f3n.\u00a0\u00a0<\/span><\/li>\n<li style=\"font-weight: 400;\"><span style=\"font-weight: 400;\">Promover la lectura y el estudio.<\/span><\/li>\n<li style=\"font-weight: 400;\"><span style=\"font-weight: 400;\">Preservar y destacar la bibliograf\u00eda hist\u00f3rica como material de consulta e investigaci\u00f3n.<\/span><\/li>\n<\/ul>\n<hr \/>\n<p><b>Integrantes<\/b><\/p>\n<p><span style=\"font-weight: 400;\">La Biblioteca cuenta con un equipo de Bibliotecarios\/as responsables de la organizaci\u00f3n, administraci\u00f3n, proceso t\u00e9cnico y articulaci\u00f3n pedag\u00f3gica de la Biblioteca con los cuatro niveles de la Instituci\u00f3n: Inicial, Primario, Medio y Terciario.<\/span><\/p>\n<p><b>Jefa de Biblioteca<\/b><span style=\"font-weight: 400;\">: M\u00f3nica Klibanski.\u00a0\u00a0<\/span><\/p>\n<p><strong>Bibliotecarias\/os:<\/strong> Ver\u00f3nica Quevedo, Agust\u00edn Cabra Alifano y Micaela Nappe.<\/p>\n<hr \/>\n<p><b>Atenci\u00f3n<\/b><\/p>\n<p><span style=\"font-weight: 400;\">La Biblioteca atiende de lunes a viernes de 7:45 hs. a 18:10 hs.<\/span><\/p>\n<hr \/>\n<p><b>Contacto<\/b><\/p>\n<p><span style=\"font-weight: 400;\">Biblioteca Central <\/span><i><span style=\"font-weight: 400;\">\u00abAvelino Herrera\u00bb<\/span><\/i><\/p>\n<p><span style=\"font-weight: 400;\">Escuela Normal Superior N\u00ba 4\u200b <\/span><i><span style=\"font-weight: 400;\">\u200b\u00bbEstanislao S. Zeballos\u00bb\u00a0<\/span><\/i><\/p>\n<p><span style=\"font-weight: 400;\">\u200bAv. Rivadavia 4950<\/span><\/p>\n<p><span style=\"font-weight: 400;\">CABA<\/span><\/p>\n<p><span style=\"font-weight: 400;\">Tel. 011 4903 8445<\/span><\/p>\n<p><span style=\"font-weight: 400;\">Pueden solicitar la informaci\u00f3n que requieran enviando un correo electr\u00f3nico a:<\/span><\/p>\n<p><a href=\"mailto:consultasabibliotecaens4@gmail.com\"><b>consultasabibliotecaens4@gmail.com<\/b><\/a><\/p>\n<p><a href=\"mailto:bibliotecacentralens4@gmail.com\"><b>bibliotecacentralens4@gmail.com<\/b><\/a><\/p>\n<p><a href=\"https:\/\/www.instagram.com\/bibliotecacentralens4\/\"><strong>INSTAGRAM<\/strong> <\/a>\u00a0de Biblioteca<\/p>\n<hr \/>\n<p><a href=\"https:\/\/drive.google.com\/file\/d\/1OdmdwHNkVKY-EJhzI0-ftu4L8UYI_hka\/view?usp=sharing\"><b>Reglamento de la Biblioteca\u00a0<\/b><\/a><\/p>\n\n\n<p><\/p>\n","protected":false},"excerpt":{"rendered":"<p>Sitio Web de la Biblioteca Informaci\u00f3n general La Biblioteca como unidad centralizada es un espacio de lectura, de estudio, de consulta, de informaci\u00f3n, de investigaci\u00f3n, y tambi\u00e9n de encuentros, de intercambio com\u00fan, que enriquece la ense\u00f1anza y el aprendizaje, favoreciendo la autonom\u00eda y responsabilidad de los\/las usuarios\/as, promoviendo el h\u00e1bito y el placer de la &#8230; <a title=\"Biblioteca Central \u201cAvelino Herrera\u201d\" class=\"read-more\" href=\"https:\/\/ens4-caba.infd.edu.ar\/sitio\/antecedentes-historicos\/\" aria-label=\"More on Biblioteca Central \u201cAvelino Herrera\u201d\">[+]<\/a><\/p>\n","protected":false},"author":7,"featured_media":0,"parent":0,"menu_order":0,"comment_status":"closed","ping_status":"closed","template":"","meta":[],"acf":[],"_links":{"self":[{"href":"https:\/\/ens4-caba.infd.edu.ar\/sitio\/wp-json\/wp\/v2\/pages\/937"}],"collection":[{"href":"https:\/\/ens4-caba.infd.edu.ar\/sitio\/wp-json\/wp\/v2\/pages"}],"about":[{"href":"https:\/\/ens4-caba.infd.edu.ar\/sitio\/wp-json\/wp\/v2\/types\/page"}],"author":[{"embeddable":true,"href":"https:\/\/ens4-caba.infd.edu.ar\/sitio\/wp-json\/wp\/v2\/users\/7"}],"replies":[{"embeddable":true,"href":"https:\/\/ens4-caba.infd.edu.ar\/sitio\/wp-json\/wp\/v2\/comments?post=937"}],"version-history":[{"count":27,"href":"https:\/\/ens4-caba.infd.edu.ar\/sitio\/wp-json\/wp\/v2\/pages\/937\/revisions"}],"predecessor-version":[{"id":3787,"href":"https:\/\/ens4-caba.infd.edu.ar\/sitio\/wp-json\/wp\/v2\/pages\/937\/revisions\/3787"}],"wp:attachment":[{"href":"https:\/\/ens4-caba.infd.edu.ar\/sitio\/wp-json\/wp\/v2\/media?parent=937"}],"curies":[{"name":"wp","href":"https:\/\/api.w.org\/{rel}","templated":true}]}}