{"id":3721,"date":"2025-12-09T12:45:52","date_gmt":"2025-12-09T15:45:52","guid":{"rendered":"https:\/\/ens4-caba.infd.edu.ar\/sitio\/?page_id=3721"},"modified":"2025-12-09T12:45:54","modified_gmt":"2025-12-09T15:45:54","slug":"proyecto-4x4","status":"publish","type":"page","link":"https:\/\/ens4-caba.infd.edu.ar\/sitio\/proyecto-4x4\/","title":{"rendered":"Proyecto 4&#215;4"},"content":{"rendered":"\n<h3 class=\"wp-block-heading\">\u00bfQu\u00e9 es el proyecto&nbsp;4&#215;4?<\/h3>\n\n\n\n<p>Este es un espacio todo terreno.<\/p>\n\n\n\n<p>Cada mes en el nivel terciario se piensan recomendaciones de actividades culturales para los cuatro niveles del Normal 4. <\/p>\n\n\n\n<p>Se trata de una invitaci\u00f3n a la conversaci\u00f3n, al intercambio sobre propuestas did\u00e1cticas en otros espacios diferentes al escolar, y a compartir sugerencias para visitar y vivir experiencias significativas en nuestra formaci\u00f3n constante como docentes. Museos, parques pedag\u00f3gicos, centros culturales, talleres de artistas, ferias, entendemos que todo puede ser concebido como un espacio educador.<\/p>\n\n\n\n<p>Algunos de esos paseos pedag\u00f3gicos los recorremos presencialmente junto a distintas c\u00e1tedras de las asignaturas de los profesorados de PEI y PEP. <\/p>\n\n\n\n<p>Por \u00faltimo, investigamos \u00abEl objeto del mes\u00bb en el Museo del Normal 4, para difundir la colecci\u00f3n y rico patrimonio hist\u00f3rico de nuestra casa de estudios.<\/p>\n\n\n<div class=\"wp-block-image\">\n<figure class=\"aligncenter size-medium\"><img decoding=\"async\" loading=\"lazy\" width=\"707\" height=\"1000\" src=\"https:\/\/ens4-caba.infd.edu.ar\/sitio\/wp-content\/uploads\/2025\/12\/Afiche-4x4_-707x1000.jpg\" alt=\"\" class=\"wp-image-3722\" srcset=\"https:\/\/ens4-caba.infd.edu.ar\/sitio\/wp-content\/uploads\/2025\/12\/Afiche-4x4_-707x1000.jpg 707w, https:\/\/ens4-caba.infd.edu.ar\/sitio\/wp-content\/uploads\/2025\/12\/Afiche-4x4_-1343x1900.jpg 1343w, https:\/\/ens4-caba.infd.edu.ar\/sitio\/wp-content\/uploads\/2025\/12\/Afiche-4x4_-768x1086.jpg 768w, https:\/\/ens4-caba.infd.edu.ar\/sitio\/wp-content\/uploads\/2025\/12\/Afiche-4x4_-1086x1536.jpg 1086w, https:\/\/ens4-caba.infd.edu.ar\/sitio\/wp-content\/uploads\/2025\/12\/Afiche-4x4_-1448x2048.jpg 1448w, https:\/\/ens4-caba.infd.edu.ar\/sitio\/wp-content\/uploads\/2025\/12\/Afiche-4x4_.jpg 1587w\" sizes=\"(max-width: 707px) 100vw, 707px\" \/><\/figure><\/div>","protected":false},"excerpt":{"rendered":"<p>\u00bfQu\u00e9 es el proyecto&nbsp;4&#215;4? Este es un espacio todo terreno. Cada mes en el nivel terciario se piensan recomendaciones de actividades culturales para los cuatro niveles del Normal 4. Se trata de una invitaci\u00f3n a la conversaci\u00f3n, al intercambio sobre propuestas did\u00e1cticas en otros espacios diferentes al escolar, y a compartir sugerencias para visitar y &#8230; <a title=\"Proyecto 4&#215;4\" class=\"read-more\" href=\"https:\/\/ens4-caba.infd.edu.ar\/sitio\/proyecto-4x4\/\" aria-label=\"More on Proyecto 4&#215;4\">[+]<\/a><\/p>\n","protected":false},"author":2188,"featured_media":0,"parent":0,"menu_order":0,"comment_status":"closed","ping_status":"closed","template":"","meta":[],"acf":[],"_links":{"self":[{"href":"https:\/\/ens4-caba.infd.edu.ar\/sitio\/wp-json\/wp\/v2\/pages\/3721"}],"collection":[{"href":"https:\/\/ens4-caba.infd.edu.ar\/sitio\/wp-json\/wp\/v2\/pages"}],"about":[{"href":"https:\/\/ens4-caba.infd.edu.ar\/sitio\/wp-json\/wp\/v2\/types\/page"}],"author":[{"embeddable":true,"href":"https:\/\/ens4-caba.infd.edu.ar\/sitio\/wp-json\/wp\/v2\/users\/2188"}],"replies":[{"embeddable":true,"href":"https:\/\/ens4-caba.infd.edu.ar\/sitio\/wp-json\/wp\/v2\/comments?post=3721"}],"version-history":[{"count":3,"href":"https:\/\/ens4-caba.infd.edu.ar\/sitio\/wp-json\/wp\/v2\/pages\/3721\/revisions"}],"predecessor-version":[{"id":3728,"href":"https:\/\/ens4-caba.infd.edu.ar\/sitio\/wp-json\/wp\/v2\/pages\/3721\/revisions\/3728"}],"wp:attachment":[{"href":"https:\/\/ens4-caba.infd.edu.ar\/sitio\/wp-json\/wp\/v2\/media?parent=3721"}],"curies":[{"name":"wp","href":"https:\/\/api.w.org\/{rel}","templated":true}]}}