{"id":1005,"date":"2018-06-29T17:11:01","date_gmt":"2018-06-29T20:11:01","guid":{"rendered":"https:\/\/ens4-caba.infd.edu.ar\/sitio\/jornadas-academicas-2017\/"},"modified":"2024-09-12T01:19:36","modified_gmt":"2024-09-12T04:19:36","slug":"jornadas-academicas-2017","status":"publish","type":"page","link":"https:\/\/ens4-caba.infd.edu.ar\/sitio\/jornadas-academicas-2017\/","title":{"rendered":"Equipo de Investigaci\u00f3n"},"content":{"rendered":"\n<hr class=\"wp-block-separator has-alpha-channel-opacity\"\/>\n\n\n<h4 style=\"text-align: center;\"><strong>PRESENTAMOS UN NUEVO LIBRO<\/strong><\/h4>\n<p><img decoding=\"async\" loading=\"lazy\" class=\"wp-image-3317 aligncenter\" src=\"https:\/\/ens4-caba.infd.edu.ar\/sitio\/wp-content\/uploads\/2024\/09\/WhatsApp-Image-2024-09-12-at-01.14.42-711x1000.jpeg\" alt=\"\" width=\"609\" height=\"857\" srcset=\"https:\/\/ens4-caba.infd.edu.ar\/sitio\/wp-content\/uploads\/2024\/09\/WhatsApp-Image-2024-09-12-at-01.14.42-711x1000.jpeg 711w, https:\/\/ens4-caba.infd.edu.ar\/sitio\/wp-content\/uploads\/2024\/09\/WhatsApp-Image-2024-09-12-at-01.14.42-768x1080.jpeg 768w, https:\/\/ens4-caba.infd.edu.ar\/sitio\/wp-content\/uploads\/2024\/09\/WhatsApp-Image-2024-09-12-at-01.14.42.jpeg 910w\" sizes=\"(max-width: 609px) 100vw, 609px\" \/><\/p>\n<h4 style=\"text-align: center;\">Pod\u00e9s acceder al libro ingresando <a href=\"https:\/\/drive.google.com\/file\/d\/1dd1NZ6BjzPGEdZghqdptgYDOQTIunF4F\/view?usp=drive_link\" data-wplink-edit=\"true\">aqu\u00ed<\/a><\/h4>\n<p>&#8212;&#8212;&#8212;&#8212;&#8212;&#8212;&#8212;&#8212;&#8212;&#8212;&#8212;&#8212;&#8212;&#8212;&#8212;&#8212;&#8212;&#8212;&#8212;&#8212;&#8212;&#8212;&#8212;&#8212;&#8212;&#8212;&#8212;&#8212;&#8212;&#8212;&#8212;&#8212;&#8212;&#8212;&#8212;&#8212;&#8212;&#8212;&#8212;&#8212;&#8212;&#8212;&#8212;&#8212;&#8212;&#8212;&#8212;&#8212;&#8212;&#8212;&#8212;&#8212;&#8212;&#8212;&#8212;&#8212;&#8212;&#8212;&#8212;&#8212;&#8212;&#8212;&#8212;&#8212;&#8212;&#8212;&#8212;&#8212;&#8212;&#8212;&#8212;&#8212;-<\/p>\n<ul>\n<li class=\"p2\">\n<h5><strong>Acerca de la conformaci\u00f3n del Equipo<\/strong><\/h5>\n<\/li>\n<\/ul>\n<p style=\"text-align: left;\"><span style=\"font-weight: 400;\">El Equipo de Investigaci\u00f3n de la escuela se inicia en el 2011 a partir de las convocatorias anuales para la presentaci\u00f3n de proyectos. Su creaci\u00f3n se respalda en la Ley Nacional de Educaci\u00f3n y en los lineamientos de la Formaci\u00f3n Docente, que promueven los espacios de investigaci\u00f3n en los ISFD. Se fundamenta en una concepci\u00f3n de dichos institutos como espacios que investigan y producen conocimiento contextualizado, adem\u00e1s de contribuir al posicionamiento de los\u00a0 docentes y estudiantes como profesionales de la educaci\u00f3n.<\/span><\/p>\n<ul>\n<li>\n<h5><strong>Proyectos abordados<\/strong><\/h5>\n<\/li>\n<\/ul>\n<p><span style=\"font-weight: 400;\">Desde su constituci\u00f3n el equipo ha desarrollado diversos proyectos institucionales focalizados en las trayectorias estudiantiles, objeto que fue indagado desde distintas dimensiones.<\/span><\/p>\n<p><span style=\"font-weight: 400;\">Entre 2020 y 2022, ante el nuevo escenario provocado por la pandemia y de sus efectos en el \u00e1mbito educativo, se propuso el abordaje como objeto de estudio de las pr\u00e1cticas de ense\u00f1anza en contexto de ASPO y DISPO y se focaliz\u00f3 en las narrativas docentes como propuesta de investigaci\u00f3n y formaci\u00f3n.\u00a0<\/span><\/p>\n<p><span style=\"font-weight: 400;\">El proyecto para el a\u00f1o 2023\u00a0 pretende la documentaci\u00f3n de experiencias para la construcci\u00f3n y difusi\u00f3n del saber pedag\u00f3gico construido en la cotidianeidad del aula. Algunas de estas\u00a0 experiencias fueron presentadas en las Jornadas Acad\u00e9micas realizadas en la escuela en 2022. Actualmente, con el prop\u00f3sito de sumar nuevas narrativas, se convoca a los\/as docentes de los cuatro niveles a participar de una\u00a0 publicaci\u00f3n que compilar\u00e1 el relato de sus experiencias.<\/span><\/p>\n<p><a href=\"https:\/\/docs.google.com\/document\/d\/1dIpAeS5XxbgYOXCQCi4XovYGhmdF1Lfj\/edit?usp=sharing&amp;ouid=101785018782426449553&amp;rtpof=true&amp;sd=true\"><span style=\"font-weight: 400;\">Convocatoria docentes ENS N\u00b04<\/span><\/a><\/p>\n<ul>\n<li class=\"p2\">\n<h5><strong>\u00a0Participaci\u00f3n en convocatorias del INFoD<\/strong><\/h5>\n<\/li>\n<\/ul>\n<p><span style=\"font-weight: 400;\">El equipo se present\u00f3 a diferentes convocatorias (2013, 2015, 2017), siendo seleccionado para el otorgamiento de subsidios INFoD. Estas participaciones posibilitaron el intercambio con colegas de jurisdicciones de todo el pa\u00eds y la inclusi\u00f3n de estudiantes de nuestra escuela en la tarea de investigar.<\/span><\/p>\n<p><span style=\"font-weight: 400;\">En el a\u00f1o 2023 se presenta a una nueva convocatoria encuadrada\u00a0 en el\u00a0 Plan Nacional de Formaci\u00f3n Docente 2023-2024 <\/span><i><span style=\"font-weight: 400;\">Investigaci\u00f3n, desarrollo y producci\u00f3n de conocimiento en el sistema formador.\u00a0 <\/span><\/i><span style=\"font-weight: 400;\">El prop\u00f3sito del mismo es incentivar la\u00a0 investigaci\u00f3n y la producci\u00f3n de conocimiento en los institutos de Formaci\u00f3n Docente.<\/span><\/p>\n<ul>\n<li class=\"p2\">\n<h5><strong>Jornadas Acad\u00e9micas Institucionales e Interinstitucionales<\/strong><\/h5>\n<\/li>\n<\/ul>\n<p class=\"p2\">Se realizaron dos encuentros con muy buena convocatoria de especialistas, profesores y estudiantes, que compartieron sus experiencias y reflexiones sobre la formaci\u00f3n y el ejercicio docente en 2017 y 2022.<\/p>\n<p class=\"p1\"><img decoding=\"async\" loading=\"lazy\" class=\"alignnone  wp-image-1809\" src=\"https:\/\/ens4-caba.infd.edu.ar\/sitio\/wp-content\/uploads\/2019\/07\/Jornadas-Acad\u00e9micas-2017-1.jpg\" alt=\"\" width=\"778\" height=\"622\" srcset=\"https:\/\/ens4-caba.infd.edu.ar\/sitio\/wp-content\/uploads\/2019\/07\/Jornadas-Acad\u00e9micas-2017-1.jpg 945w, https:\/\/ens4-caba.infd.edu.ar\/sitio\/wp-content\/uploads\/2019\/07\/Jornadas-Acad\u00e9micas-2017-1-768x614.jpg 768w\" sizes=\"(max-width: 778px) 100vw, 778px\" \/><\/p>\n<p><a href=\"https:\/\/drive.google.com\/file\/d\/1o3-l-pI1JIE3W5_rud5BDuNh0zn0UoKO\/view?usp=share_link\"><img decoding=\"async\" loading=\"lazy\" class=\"alignnone  wp-image-2721\" src=\"https:\/\/ens4-caba.infd.edu.ar\/sitio\/wp-content\/uploads\/2022\/11\/III-Jornadas-2022.jpg\" alt=\"\" width=\"788\" height=\"591\" srcset=\"https:\/\/ens4-caba.infd.edu.ar\/sitio\/wp-content\/uploads\/2022\/11\/III-Jornadas-2022.jpg 960w, https:\/\/ens4-caba.infd.edu.ar\/sitio\/wp-content\/uploads\/2022\/11\/III-Jornadas-2022-768x576.jpg 768w\" sizes=\"(max-width: 788px) 100vw, 788px\" \/><\/a><\/p>\n<h5 style=\"text-align: left;\"><a href=\"https:\/\/drive.google.com\/file\/d\/1o3-l-pI1JIE3W5_rud5BDuNh0zn0UoKO\/view?usp=share_link\"><strong>Jornadas Acad\u00e9micas 2022<\/strong><\/a><\/h5>\n<p><strong>Articulaci\u00f3n con universidades<\/strong><\/p>\n<p class=\"p2\">Se inici\u00f3 una red acad\u00e9mica de trabajo cooperativo y de mutuo enriquecimiento con el IICE &#8211; FFyL- UBA, que se encuadra en el marco de la cooperaci\u00f3n acad\u00e9mica entre los ISFD y universidades promovida por la Ley de Educaci\u00f3n Nacional, como parte de los objetivos de la formaci\u00f3n docente.<\/p>\n<ul>\n<li class=\"p2\">\n<h5><strong>Publicaciones\u00a0<\/strong><\/h5>\n<\/li>\n<\/ul>\n<p><span style=\"font-weight: 400;\">Desde 2015 el equipo concret\u00f3 la publicaci\u00f3n de tres libros que compilan producciones sobre diversas tem\u00e1ticas vinculadas a la formaci\u00f3n y el ejercicio de la docencia.\u00a0<\/span><\/p>\n<p class=\"p2\">El primero de ellos \u201cVoces, experiencias y proyectos en la voz y el ejercicio docente\u201d. Para acceder a \u00e9l, hacer click sobre la imagen<\/p>\n<p class=\"p1\"><a href=\"https:\/\/ens4-caba.infd.edu.ar\/sitio\/wp-content\/uploads\/2019\/07\/Voces-Experiencias-y-Proyectos-en-la-Formaci\u00f3n-y-Ejercicio-Docente-3-1.pdf\"><img decoding=\"async\" loading=\"lazy\" class=\"wp-image-1817 aligncenter\" src=\"https:\/\/ens4-caba.infd.edu.ar\/sitio\/wp-content\/uploads\/2019\/07\/boletin-1-1-1000x494.jpg\" alt=\"\" width=\"280\" height=\"138\" srcset=\"https:\/\/ens4-caba.infd.edu.ar\/sitio\/wp-content\/uploads\/2019\/07\/boletin-1-1-1000x494.jpg 1000w, https:\/\/ens4-caba.infd.edu.ar\/sitio\/wp-content\/uploads\/2019\/07\/boletin-1-1-768x379.jpg 768w, https:\/\/ens4-caba.infd.edu.ar\/sitio\/wp-content\/uploads\/2019\/07\/boletin-1-1.jpg 1248w\" sizes=\"(max-width: 280px) 100vw, 280px\" \/><\/a><\/p>\n<p class=\"p2\">El segundo de ellos, \u201cSaberes y Haceres en la formaci\u00f3n y pr\u00e1ctica docente\u201d, se encuentra en versi\u00f3n papel y disponible para su adquisici\u00f3n. <a href=\"https:\/\/www.youtube.com\/watch?v=D8SQDqtAz8k&amp;list=TLPQMzAxMTIwMjBt6L9GQO0KdA&amp;index=1\">Su presentaci\u00f3n.<\/a><\/p>\n<p><span style=\"font-weight: 400;\">El \u00faltimo libro publicado es \u00abSostener la ense\u00f1anza en tiempos de pandemia. La irrupci\u00f3n de lo in\u00e9dito\u00bb, lo encuentran disponible desde el siguiente enlace: <\/span><a href=\"https:\/\/issuu.com\/ens4vocespublicadas\/docs\/sostener_la_ense_anza_en_tiempos_de_pandemia\"><span style=\"font-weight: 400;\">https:\/\/issuu.com\/ens4vocespublicadas\/docs\/sostener_la_ense_anza_en_tiempos_de_pandemia<\/span><\/a><span style=\"font-weight: 400;\">\u00a0\u00a0<\/span><\/p>\n<ul>\n<li class=\"p2\">\n<h5><strong>Convocatorias<\/strong><\/h5>\n<\/li>\n<\/ul>\n<p class=\"p2\">Se abren regularmente convocatorias a participar de diversas publicaciones y jornadas.<\/p>\n<p><span style=\"font-weight: 400;\">Hasta el 11 de agosto de 2023 sigue abierta la convocatoria a los expositores\u00a0 que participaron en las jornadas acad\u00e9micas del 2022 y a docentes de la escuela que quieran sumar sus presentaciones a la compilaci\u00f3n de trabajos que ser\u00e1n publicados en un nuevo libro.<\/span><\/p>\n<p><a href=\"https:\/\/ens4-caba.infd.edu.ar\/sitio\/wp-content\/uploads\/2020\/11\/Convocatoria-publicacio\u0301n-ENS-N\u00b04.pdf\">Convocatoria publicacio\u0301n ENS N\u00b04<\/a><\/p>\n<ul>\n<li>\n<h5><b>Difusi\u00f3n de lo producido en diversos espacios<\/b><\/h5>\n<\/li>\n<\/ul>\n<p><span style=\"font-weight: 400;\">Desde sus inicios el equipo particip\u00f3 en calidad de expositor en encuentros acad\u00e9micos nacionales e internacionales sobre Formaci\u00f3n Docente e Investigaci\u00f3n Educativa.<\/span><\/p>\n<p><span style=\"font-weight: 400;\">Por otra parte, realiz\u00f3 una presentaci\u00f3n en la Legislatura sobre las acciones desplegadas por el equipo, en el contexto de creaci\u00f3n de la UniCaba y en defensa de los profesorados.<\/span><\/p>\n<p class=\"p2\">Y de manera interna tambi\u00e9n realiza reuniones y encuentros de retroalimentaci\u00f3n con profesores y estudiantes de la escuela, junto a la elaboraci\u00f3n y difusi\u00f3n de boletines informativos.<a href=\"https:\/\/ens4-caba.infd.edu.ar\/sitio\/wp-content\/uploads\/2019\/07\/Boletin-Equipo-de-investigaci\u00f3n-N\u00ba-2-06-19-1.pdf\"><img decoding=\"async\" loading=\"lazy\" class=\"wp-image-1796 aligncenter\" src=\"https:\/\/ens4-caba.infd.edu.ar\/sitio\/wp-content\/uploads\/2019\/07\/foto-boletin-742x1000.jpg\" alt=\"\" width=\"212\" height=\"285\" srcset=\"https:\/\/ens4-caba.infd.edu.ar\/sitio\/wp-content\/uploads\/2019\/07\/foto-boletin-742x1000.jpg 742w, https:\/\/ens4-caba.infd.edu.ar\/sitio\/wp-content\/uploads\/2019\/07\/foto-boletin-768x1035.jpg 768w, https:\/\/ens4-caba.infd.edu.ar\/sitio\/wp-content\/uploads\/2019\/07\/foto-boletin-1410x1900.jpg 1410w, https:\/\/ens4-caba.infd.edu.ar\/sitio\/wp-content\/uploads\/2019\/07\/foto-boletin.jpg 1653w\" sizes=\"(max-width: 212px) 100vw, 212px\" \/><\/a><\/p>\n<p class=\"p5\"><span class=\"s1\">Canal de <\/span><a href=\"https:\/\/www.youtube.com\/channel\/UCXANaehsbO6uR0vByQO3F8Q\"><img decoding=\"async\" loading=\"lazy\" class=\"\" src=\"data:image\/png;base64,iVBORw0KGgoAAAANSUhEUgAAAVsAAACRCAMAAABaFeu5AAAAw1BMVEX\/\/\/\/NIB8AAADKAADMGBfNHRzYU1LMGxr99\/f219bQIiHLDgzLCgjjiYn55eWxsbF3d3fj4+PSQkHttLTTNTUUFBTr6+v66uo6OjqqqqrMFRPWTEznlpXhgoGWlpb09PTvwMCHh4faYWDcbGtkZGTon57ppKPaWln88fHTOzpQUFDwyMjb29sfHx\/Gxsafn5\/21NQqKirceXm+vr4vLy\/bcXHRLSzuubnS0tJGRkZVVVUcHByZmZl9fX3ww8OLi4tvb2+vlRbsAAAQA0lEQVR4nO2da2OaShCGtYCgoG3QxGTVajUo1LYxNGIvp6b\/\/1cdbsLO3gCNAVLfTy2uCE+WZXZ2ZrbReAvSNM227eGwF6qNabNer2ez2a7f7y8jWePx2Ir\/7R\/d+Z\/6bTb4l6LTDIf+Of0zl31zrytt2Guv97t+BKo7cbfbxXy+ao1M0xkMvE5HUXQkUTIi6boe\/4tuoiNV6XjeYOCY5qi1ms8X26076XaDP4f\/d9ivN73hG4Ot2X5v3Fldd7EaOZ6iyrKMAumxgn\/7x2RVVWI1j1X4bf80avAj4FdQ\/Cuq4jmj1cLtWju\/h9u1Rm3PLLc10INepaMDv6PZnaqIvRwQ968IeautNRuWjeg42ZvFoKnrcnkwxVJkpCuDxcwuG1Rh2X1H8kfAsgFmSFGRZFo1o9s3kVw2uJySDXNZo5G3vZDqQjaQLM3bZSPLq72jl42roNBgVza0fLJq1WkjqdK4bGx5tDSq\/gZjSUHdssFlqyvVEa0PV5qUjS5LO6lsSMdKkZdlwxNr46llMzpailRta2FeNwsBF5pX2c6t74gQSu+XDZAvu1U\/6wuXOqhux93VG22zKVW242pzVDacEyWvqtpxe\/UebX0pnXXZEDly62wkRDIqOoHQzPratgcpFX2bzUpcr3kxSbPoZm5wXU3pu53CFmdmO8aHBBVbb8xQoReggn\/xDH9LtI3Q\/nyH6wN9t3egwTsG\/RcUMG7VlutrkktbrwDaAf5N5+XhqmY0KHwC5J7o270HDX6dFW2jh3cjvYDfY+jkH6flFv7NM9h8ihdZCt8Buusv5EVPYbd9fyK8DPVxC0y38n+xNziS7Vns6UOvuAbs7siL\/gE+fvxxIrwMLfAbrTHbSTQowGf+E3nRcMy4PxVehsCTXV+28iiKB\/kG4P28IS76M\/j4v5PpCTVs4i+W+rJVUC88+c0joEcMuFfw0zObYGsAqL5sm9ImOvsf0YD7Hnz49WR6Yi3BfdaZbXzp0ID9DK\/5I\/jw+WR6YlnAmVBjtnrsUiAGBXDJUzi1oCy0F1b3rbBF8\/j0vwA\/YGXdwD5NvuheWNr2rYwJqhmfHo6p4Lm\/4390BtlzsOZQZ7ZefHrYOYEJC43f76fjE2o4Op7tsXPe87BVmrGbcQoIPuKD6lf8k+uX4CcGBPwmsrufYdqDtvYOfNb38rtcXoOt0ovPD5\/8b+kPw3nFuSdljXYHAiISQoDHuU2kgRTwZr0GWzU2cBs\/QPfEpr0PPOhnYmuILrdDsD36xl+BbVOeHX4AWArYBOEvGCzObCX40zIRr3qxRclC+jPon4n7++oJP8zwm7+w+m+HbfoevgJsk2kv9C+e2XXry3o7Y4KehjmDqdnfw1HQnb+ee6mMnJYRqi3b\/3CKiZ8RECccDefQVnSbNWObxigAY+s6Ngjgcs7D+dkKb\/P8bMNk1uwpSJCPqmZlvSE3+YUb4AKPB1w4F6athJurL6FYK++hprhyHB+JwuyEbBVcnMPJcTZb1eiYq\/nKlHURNllCnjkajUxPN0RXixZpMh9w4saTBLCc85kAOL379Dk2ix9\/PbNnww\/3qX6l1vHNL+w4PiER+gSEbAe40sMefjiZubHYypK5XPdszW6vXW6wg2pIq+V+0+4Ne+3N3hpJ\/D+DvErZwhnYNELAHxJuPvwGX3j3+MzovB\/wFqmZAa0SrL3wQROwDYKEtIMavSTsSe6nh7X0TUmzVYzWLj17mxO4rjvjHn4JjZ474L19DytmocD9hn7GH\/gK8DWYlD2AiVykJ3pALspWOIQK2YI7xtli4rNV5S5Ix9UWDGSyRJANr2IrsZ811cQaA39NOO0FkQu4lTAF07VUf8muWxO2cnNGXLhNv1WRQzaK1PeYI4g6wNjSJGnaMVroeMS\/RrzvCrK1y2FrmJsGKSoKWG\/RnTbS2mHBVTpYvs4X3JgN\/YyAALYawem1ge5hzy3IVhzWfC62K4+VtTSBowLiom00NsxXMMLPSoL4gv\/\/d9oOrk4S+nMKW7HJei62C7rXBqcH\/mDZ4aNtNPasWEgDZwv8ic\/EVC1lBpDTAq+8gmw3pbBlU9NA9JS0ZzY6aMzwg4AcPrCyczuFw22KDC78UgKBkAXZ7stgy9MS46Vn5Jez5s0SeByAQ\/Hm6hZHnfhpoB3MEO4tK8h2ViW22EOkDLLySBnphhJIKAGDwh2AmLpuYRAOQ\/jrrCBbofv2zGzpDIV0zqVTmftUa3olVAKFKsBIen\/H5AK95T70hzuSNuaKrAtbrT92J0uiFFWa1CLBIXk2dt2uBY8tqUuHGXxTfI57\/Zl5\/8TiZGjPTmEYKRZQVpAtfYGvwlbrOyiodudBg8E9jKGyCVpvgyQJvzU4d5taZiayI7nWVTopA5305+HxB689LGq\/KFvRssPZ2NpuPG1FI0Aj+UsbIEzCiiuSyB7ec+mJHMGW+55KsQBveWI88GDVga3mHn5VUYGllVgtCH8r2cnICovTUEsmEpGsQQymB31No0Hww0\/JWwvOgtMBtxZs0x4H43gOP6A4bcbRwNOFt+6T124QbDmz2fTVD2xgbN0XzDNSW7ggW+FS5GuwBbmi7djjiXti8fetCn6UmvcYRMAVZ1B4YDfAfIp37OM1Y4vmOMVe\/HqKE\/FipVMwBQ64WWxvYM7OQemQwDbMiNWfj3VlK69wM6w3iNhC6zYdVxXo4yGLbpFs2TODx\/Rz8Ozz2KbuyLqxbQG2ceCfAd5ZqX9MaQKbjTTCKLZw9TEWFnULAhbuON+rL9vRkHEa+MLnsiXz5ym25LQrFBYzCmYJ6bMPx4rUZ1ZvtqOYLTgJly25Rk2xJcLzQ+EZZ\/8S22ExtmQFI5otDAolEeZjm9pmb4MtcLpw2a4y2cLw\/FB46MGF7Qlsadf3I74EdmE7MQ5ROnJhttSg8Bf\/9MJ27DmxBmAunIctNTUDC2AXtvYwFQCXg+0U5p2\/uwar4he2XOVgS07NYCD+hS1XedjCOHwiEP\/Clqs8bGE4zSPMjr6w5SoXW+ALu4URXhe2XF3Y\/rNsy17TeVm2rOJmIrbAiLiwxUWyJdciQ13YRuKw1diqPNuyYvILsF3OF0xtB8S6A7MydnlsS4lZKuqrkRBbGXE1F7ZFfIwZYg7T5bEVb+xQN7ascOjy2JYS23w2tqxQ\/\/LYCktT1I4tKx66PLbl5Dv8G2zLyYE6ni0yMJF2gl4ttsOasZ2MU1lE2XKQu1cBtqXl8x7FVmkCekR8AozEu7A9aQ2dYKsys\/1O9oMdHVfTEO61UL24GtBviZglFZyrMFte\/O3xbIV1\/0qLtcvHloi1gxHRedg+s2G9UBxjwzyypsp5YkSZcYxdHlsiwwyvqZKP7QMbFmSbxpQWZUv66V6bLehrh8qkMP4WixuHbIlnDm1Z+xWJ2AKGvPjbo+PGj65hxWOLirGFfS2JGwdZEKkflIgbJ94VOnOfLRFbsMDOe5elzDlsYa4fdnrhpKc4W9kD75OCuSRJvsMCP7rG2AJLgLBx6DzVQCK2oGIYVnkJQMzK0yE2P8JOz8qVP54tYSQVzoGKi17JI5AzkpTCgntukvMeduq6iC0MXkjzy56Yh9lsvxB1hLCzCxceirJVyK2OeHU\/DoeJ3L1DwVgF5KKmZYJ00J\/JuhrsmtNCtiBaLHlpgeEWK\/EKphrxUHFF5gJhZz+2RqvSwT8ZhmwVg+w5nJzTtRkfJ3JOE88RnDys461TVBkMt2TuHmLuYSVkC57n67iIzRdQK+xv2ppR0O0bXpaBZCssqiJiq4KLnBuqihDVcXi50u2FhFT\/Gwb0ZieeejjgNqyotQTPT+acIubqsJAtrKhy\/RAU\/buDDzkWVEokqE+nV7DQLsVWtKGhqK6dBGGZA2dFu0r4Of7refCNNae5YkBzardy\/NYzcGxIpjvIzL1OhWyp+lW3ZD98wr7xH\/HZ4zuGsLMLNxIQsiUM9TZrwimqTWG3qel\/+o6jlsN71PnXBNq0ljuQkC35kqeF7wHBTFcTsR0dyzar6EmgYjVVGgOsNiZrjgW0ICzzZA8CKDFbXq76Qdd4BeKMmkwUW1s0MROyzbNNdjG2eIJu5uaK1IqJ4jHbZbD9zmMUCW5dwm4Da2BgzTXyz5+XLdtSb7Rn+P84bDl76eKFiVSPNcaIrlt1mA0z2IprrxFbdVJGQaD3MNGKefsF2SZbAwG1vTxz3i17PHFxXKgl3M2YnvPIK2bDLLZkRgSuR6ImOWt0fuD7E+DuvAXYqqwqUz1Tz+VPYI6mxGsVsR+MSDO6DC4sDJAoiy2sGQR0S5Z7v6ItgzuBr4bYGy4\/W1a0a7uD8vnBJFatRbJKq+Rye25fpi1HauISKZMtt0brT7qSPmXPBtYvn+3uyHeZ33HJzjdz5Lw+Rn1E9Xq6DJzhcoyFpccwbg67dhPKZus\/6wxr4Te1RWogOID8CtMn+Gx7Tf7kQVzLHc7uG5qly\/n9t8gj7IwZYwUEeRtG1+25zLrYBrvKI7jxJzbbxhVVxeKevXMvKKz9MXLj8Nk2WH0gYQtakvNjhD+0m3kYLyCDiSfHTghrYksu7pDpd1jPj4q25GSrtxwwXXeqwzYsPn7C9JG7\/fnN889krvv79g9\/Y42H2\/BJuL59Pvydbv5gvwCNNuEuBGNcE7IlMmd2gFezN4u4lrKywL+RGM+Kgx82w36Hmou1rQVly+1di7MmqujN0bhth7\/i\/8xwt\/UQuy+wVx2K6Mf7h+c\/Hz49vBdvNj39dufrW65N6i2Rt0bH41joP4IsDdyxNXYdKWEDIl\/SvqhgRw+PtIIkbz7pTuYdiT\/oK7Ihea3tpNt1544uccgW29Xu1XTCjhghH0MyuDec4+u6rjNe+kQrOWiGRD+jNGdlg2RoSJZ9qaVUJ9MBUYK03HGCVRZ7mli6RBZubZTLdfT6KrIXbFWl6GLXTmkSucJqIp3tTChf4qSHWghVc0jw32bCjbbqIHlURSsh1LLuloKUsWNBierV3MRVUGW7bca8t\/riuG6rIW1Q5xEXho9VTnuBF7fy4njFK6NufUcFqaq2bSLOho3Vl7441XF7dtnzevZco5IOMFKuMB+qotJPXm54FWljqW6OBVWa1KHXBtq0hBs8V06Gma8gUyVkLztS1rbjVZGCJLfSdi0le2k2hbuOV0Sq4c3zRKlWS\/Z+PJKCIHhRRHmZUlTZkJwxc6\/U6svuLbfmwGsiQ0dyNRgrPlEZId1AqjdodTd1eYWxpW1mS2uyWI2cDpICGT5phGQ56NGJXp5hJFVVfZRI143wt\/XOwBytFtuutdy16801lW0Pe742s\/7SGk\/cxbxl+j3aa4Y3HyiphKaTSoukgXastqClf2al6Tlmy2c58WH29+3gEobDOLzmH5CmDYe9dnuz3s92u35\/uVxalhXFJHW73cnEdd3tdhsU95tHigr9bbf+B5PJxG\/TjUqjWP5Xl\/3+brZfb9rt3vCfIXiS4qKUdqSkRuX59D89Tg\/9aWidJQAAAABJRU5ErkJggg==\" alt=\"Archivo:Logo of YouTube (2015-2017).svg - Wikipedia, la enciclopedia libre\" width=\"98\" height=\"41\" \/><\/a><span class=\"s1\"> \u00a0<\/span><a href=\"https:\/\/www.youtube.com\/channel\/UCXANaehsbO6uR0vByQO3F8Q\">ENS 4 &#8211; Equipo de investigaci\u00f3n<\/a><\/p>\n<p><span style=\"font-weight: 400;\">All\u00ed encontrar\u00e1n distintas tem\u00e1ticas, presentaciones de libros y otras actividades que fueron grabadas. Los invitamos a suscribirse.<\/span><\/p>\n<ul>\n<li class=\"p2\">\n<h5><strong>Contacto con el equipo<\/strong><\/h5>\n<\/li>\n<\/ul>\n<p class=\"p7\">ens4investigaci\u00f3n@gmail.com<\/p>\n<p class=\"p2\">\u00a0<\/p>\n\n\n<h2 class=\"wp-block-heading\"><\/h2>\n\n\n\n<hr class=\"wp-block-separator has-alpha-channel-opacity\"\/>\n","protected":false},"excerpt":{"rendered":"<p>PRESENTAMOS UN NUEVO LIBRO Pod\u00e9s acceder al libro ingresando aqu\u00ed &#8212;&#8212;&#8212;&#8212;&#8212;&#8212;&#8212;&#8212;&#8212;&#8212;&#8212;&#8212;&#8212;&#8212;&#8212;&#8212;&#8212;&#8212;&#8212;&#8212;&#8212;&#8212;&#8212;&#8212;&#8212;&#8212;&#8212;&#8212;&#8212;&#8212;&#8212;&#8212;&#8212;&#8212;&#8212;&#8212;&#8212;&#8212;&#8212;&#8212;&#8212;&#8212;&#8212;&#8212;&#8212;&#8212;&#8212;&#8212;&#8212;&#8212;&#8212;&#8212;&#8212;&#8212;&#8212;&#8212;&#8212;&#8212;&#8212;&#8212;&#8212;&#8212;&#8212;&#8212;&#8212;&#8212;&#8212;&#8212;&#8212;&#8212;&#8212;&#8212;- Acerca de la conformaci\u00f3n del Equipo El Equipo de Investigaci\u00f3n de la escuela se inicia en el 2011 a partir de las convocatorias anuales para la presentaci\u00f3n de proyectos. Su creaci\u00f3n se respalda en la Ley Nacional de Educaci\u00f3n y en los lineamientos de &#8230; <a title=\"Equipo de Investigaci\u00f3n\" class=\"read-more\" href=\"https:\/\/ens4-caba.infd.edu.ar\/sitio\/jornadas-academicas-2017\/\" aria-label=\"More on Equipo de Investigaci\u00f3n\">[+]<\/a><\/p>\n","protected":false},"author":2006,"featured_media":0,"parent":0,"menu_order":0,"comment_status":"closed","ping_status":"closed","template":"","meta":[],"acf":[],"_links":{"self":[{"href":"https:\/\/ens4-caba.infd.edu.ar\/sitio\/wp-json\/wp\/v2\/pages\/1005"}],"collection":[{"href":"https:\/\/ens4-caba.infd.edu.ar\/sitio\/wp-json\/wp\/v2\/pages"}],"about":[{"href":"https:\/\/ens4-caba.infd.edu.ar\/sitio\/wp-json\/wp\/v2\/types\/page"}],"author":[{"embeddable":true,"href":"https:\/\/ens4-caba.infd.edu.ar\/sitio\/wp-json\/wp\/v2\/users\/2006"}],"replies":[{"embeddable":true,"href":"https:\/\/ens4-caba.infd.edu.ar\/sitio\/wp-json\/wp\/v2\/comments?post=1005"}],"version-history":[{"count":25,"href":"https:\/\/ens4-caba.infd.edu.ar\/sitio\/wp-json\/wp\/v2\/pages\/1005\/revisions"}],"predecessor-version":[{"id":3318,"href":"https:\/\/ens4-caba.infd.edu.ar\/sitio\/wp-json\/wp\/v2\/pages\/1005\/revisions\/3318"}],"wp:attachment":[{"href":"https:\/\/ens4-caba.infd.edu.ar\/sitio\/wp-json\/wp\/v2\/media?parent=1005"}],"curies":[{"name":"wp","href":"https:\/\/api.w.org\/{rel}","templated":true}]}}