{"id":1003,"date":"2018-06-29T17:11:00","date_gmt":"2018-06-29T20:11:00","guid":{"rendered":"https:\/\/ens4-caba.infd.edu.ar\/sitio\/postitulo-docente-especializacion-superior-cohorte-2017\/"},"modified":"2023-12-19T12:30:37","modified_gmt":"2023-12-19T15:30:37","slug":"postitulo-docente-especializacion-superior-cohorte-2017","status":"publish","type":"page","link":"https:\/\/ens4-caba.infd.edu.ar\/sitio\/postitulo-docente-especializacion-superior-cohorte-2017\/","title":{"rendered":"Especializaci\u00f3n Superior en Ense\u00f1anza de las Ciencias Sociales en la Educaci\u00f3n Primaria<strong>, con articulaci\u00f3n en ESI y Educaci\u00f3n Digital<\/strong>"},"content":{"rendered":"<h5><b>Especializaci\u00f3n Docente de Nivel Superior en Ense\u00f1anza de las Ciencias Sociales en la Educaci\u00f3n Primaria, con articulaci\u00f3n en ESI y Educaci\u00f3n Digital<\/b><\/h5>\n<ul>\n<li><strong>Descripci\u00f3n T\u00e9cnica:<\/strong><\/li>\n<\/ul>\n<p><strong><span style=\"color: #ff0000;\">T\u00edtulo que otorga:<\/span> <\/strong><\/p>\n<p><span style=\"font-weight: 400;\">Especialista Docente de Nivel Superior en Ense\u00f1anza de las Ciencias Sociales en la Educaci\u00f3n Primaria, con articulaci\u00f3n en ESI y Educaci\u00f3n Digital<\/span><\/p>\n<p><b><i>Inicio de la tercera cohorte<\/i><\/b><i><span style=\"font-weight: 400;\">: marzo 2024\u00a0\u2013 Aprobada por Ministerio de Educaci\u00f3n de la Ciudad de Buenos Aires, Resoluci\u00f3n 2023 \u2013 24159 \u2013 GCABA \u2013 SSCDOC<\/span><\/i><\/p>\n<p><span style=\"color: #ff0000;\"><b>Duraci\u00f3n:\u00a0<\/b><\/span><b>2 a\u00f1os (4 cuatrimestres)<\/b><\/p>\n<p><span style=\"color: #ff0000;\"><b>Carga Horaria:<\/b><\/span><b>\u00a0<\/b><b>405 horas reloj<\/b><\/p>\n<p><span style=\"color: #ff0000;\"><b>Modalidad:<\/b><\/span><b>\u00a0<\/b><b>\u00a0Semipresencial\u00a0<\/b><\/p>\n<p><b><span style=\"color: #ff0000;\">D\u00eda y horario de cursada:<\/span> <\/b><b>S\u00e1bados de 9 a 13.20<\/b><\/p>\n<p><span style=\"color: #ff0000;\"><b>Destinatarios:\u00a0<\/b><\/span><\/p>\n<p><span style=\"font-weight: 400;\">Docentes de Nivel Primario del sistema educativo, tanto de gesti\u00f3n p\u00fablica como privada,\u00a0 docentes que se desempe\u00f1an en el Nivel Terciario de los Institutos de Formaci\u00f3n Docente y espacios de formaci\u00f3n continua, miembros de los equipos t\u00e9cnicos y de conducci\u00f3n, miembros de equipos directivos de las escuelas, docentes que se desempe\u00f1an en el cargo de maestro especialista.<\/span><\/p>\n<p><span style=\"color: #ff0000;\"><b>Prop\u00f3sitos formativos<\/b><\/span><\/p>\n<ul>\n<li style=\"font-weight: 400;\" aria-level=\"1\"><span style=\"font-weight: 400;\">Propiciar espacios de<span style=\"color: #000000;\"> reflexi\u00f3n e<\/span>n los cuales los\/las docentes cursantes aborden una instancia actualizada de formaci\u00f3n sistem\u00e1tica basada en la problematizaci\u00f3n, focalizaci\u00f3n y la profundizaci\u00f3n de aspectos espec\u00edficos de la ense\u00f1anza de las Ciencias Sociales en la escuela primaria y logren llevarla a las aulas.\u00a0<\/span><\/li>\n<li style=\"font-weight: 400;\" aria-level=\"1\"><span style=\"font-weight: 400;\">Propender al desarrollo de pr\u00e1cticas, fundamentadas en saberes construidos y resignificados, que permitan contribuir al mejoramiento de la ense\u00f1anza de las Ciencias Sociales en la Escuela Primaria\u00a0<\/span><\/li>\n<li style=\"font-weight: 400;\" aria-level=\"1\"><span style=\"font-weight: 400;\">\u00a0Fomentar el trabajo compartido con criterios pedag\u00f3gicos para nuevas formulaciones de propuestas de ense\u00f1anza para alumnos y alumnas de la escuela primaria que atiendan a las particularidades de los entornos digitales de construcci\u00f3n de conocimiento social y a la alfabetizaci\u00f3n digital en el marco de las particularidades de ni\u00f1os y ni\u00f1as.<\/span><\/li>\n<li style=\"font-weight: 400;\" aria-level=\"1\"><span style=\"font-weight: 400;\">Propiciar el desarrollo de articulaciones concretas y sistem\u00e1ticas entre los contenidos del \u00e1rea y la perspectiva de g\u00e9nero planteada en la ESI y la alfabetizaci\u00f3n digital en el marco de Educaci\u00f3n Digital que les permitan a los docentes cursantes transformar las pr\u00e1cticas de ense\u00f1anza.<\/span><\/li>\n<li style=\"font-weight: 400;\" aria-level=\"1\"><span style=\"font-weight: 400;\">Ofrecer herramientas para comunicar en diversos formatos y dispositivos de las experiencias propias y los conocimientos producidos y su intercambio en espacios colectivos de discusi\u00f3n y de estudio<\/span><\/li>\n<\/ul>\n<p><span style=\"color: #ff0000;\"><b>Seminarios del Plan de estudios:<\/b><\/span><\/p>\n<ul>\n<li style=\"font-weight: 400;\" aria-level=\"1\"><span style=\"font-weight: 400;\">La ense\u00f1anza de las sociedades ind\u00edgenas en la escuela primaria.<\/span><\/li>\n<li style=\"font-weight: 400;\" aria-level=\"1\"><span style=\"font-weight: 400;\">Ambientes, recursos y problem\u00e1ticas ambientales en la ense\u00f1anza escolar de la geograf\u00eda<\/span><\/li>\n<li style=\"font-weight: 400;\" aria-level=\"1\"><span style=\"font-weight: 400;\">Las TICS en la ense\u00f1anza de ciencias sociales en la educaci\u00f3n primaria<\/span><\/li>\n<li style=\"font-weight: 400;\" aria-level=\"1\"><span style=\"font-weight: 400;\">La ense\u00f1anza en el \u00e1rea de Conocimiento del Mundo<\/span><\/li>\n<li style=\"font-weight: 400;\" aria-level=\"1\"><span style=\"font-weight: 400;\">La lectura y la escritura en la ense\u00f1anza y el aprendizaje de las Ciencias Sociales<\/span><\/li>\n<li style=\"font-weight: 400;\" aria-level=\"1\"><span style=\"font-weight: 400;\">El R\u00edo de la Plata en el siglo XIX: Revoluci\u00f3n, proyectos pol\u00edticos y guerras civiles (1810-1880)\u00a0<\/span><\/li>\n<li style=\"font-weight: 400;\" aria-level=\"1\"><span style=\"font-weight: 400;\">El aprendizaje escolar de las Ciencias Sociales<\/span><\/li>\n<li style=\"font-weight: 400;\" aria-level=\"1\"><span style=\"font-weight: 400;\">Nacionales y extranjeros: pensar las migraciones en la Argentina actual.<\/span><\/li>\n<li style=\"font-weight: 400;\" aria-level=\"1\"><span style=\"font-weight: 400;\">Argentina siglo XX. Problemas de la Historia y de la Ense\u00f1anza<\/span><\/li>\n<li style=\"font-weight: 400;\" aria-level=\"1\"><span style=\"font-weight: 400;\">La construcci\u00f3n del conocimiento social en las disciplinas y en el aula<\/span><\/li>\n<li style=\"font-weight: 400;\" aria-level=\"1\"><span style=\"font-weight: 400;\">Perspectivas \u00e9ticas y pol\u00edticas de la noci\u00f3n de ciudadan\u00eda y de los DDHH<\/span><\/li>\n<li style=\"font-weight: 400;\" aria-level=\"1\"><span style=\"font-weight: 400;\">Dise\u00f1o de proyectos y evaluaci\u00f3n en Ciencias Sociales<\/span><\/li>\n<\/ul>\n<p><span style=\"color: #ff0000;\"><b>Coordinaci\u00f3n Acad\u00e9mica:<\/b><\/span><span style=\"font-weight: 400;\">\u00a0 <\/span><span style=\"font-weight: 400;\">Manuel Mu\u00f1iz<\/span><\/p>\n<p><span style=\"color: #ff0000;\"><b>Equipo Docente:<\/b><\/span><\/p>\n<p><span style=\"font-weight: 400;\">Gisela Andrade<\/span><\/p>\n<p><span style=\"font-weight: 400;\">Gabriela Carnevale<\/span><\/p>\n<p><span style=\"font-weight: 400;\">Juan Manuel Conde<\/span><\/p>\n<p><span style=\"font-weight: 400;\">Julieta Jakubowicz<\/span><\/p>\n<p><span style=\"font-weight: 400;\">Nicol\u00e1s Kogan<\/span><\/p>\n<p><span style=\"font-weight: 400;\">Carla Gerber<\/span><\/p>\n<p><span style=\"font-weight: 400;\">Alina Larramendy<\/span><\/p>\n<p><span style=\"font-weight: 400;\">Mariana Lescano<\/span><\/p>\n<p><span style=\"font-weight: 400;\">Francisco Mainella<\/span><\/p>\n<p><span style=\"font-weight: 400;\">Sof\u00eda Seras<\/span><\/p>\n<p><span style=\"font-weight: 400;\">Pablo Seckel<\/span><\/p>\n<p><span style=\"font-weight: 400;\">Paula Topasso<\/span><\/p>\n<p><span style=\"color: #ff0000;\"><b>Requisitos:<\/b><\/span><\/p>\n<p><span style=\"font-weight: 400;\">Poseer t\u00edtulo docente.<\/span><\/p>\n<p><span style=\"color: #ff0000;\"><b>Inscripci\u00f3n:\u00a0<\/b><\/span><\/p>\n<blockquote><p><b>Se realizar\u00e1 una preinscripci\u00f3n en el siguiente link a partir del 18-12-23<\/b><\/p><\/blockquote>\n<p><a href=\"https:\/\/forms.gle\/Mqxbsr2nVaZbmE9E6\"><b>https:\/\/forms.gle\/Mqxbsr2nVaZbmE9E6<\/b><\/a><\/p>\n<p><b><i>Inicio de la tercera cohorte<\/i><\/b><i><span style=\"font-weight: 400;\">: marzo 2024\u00a0\u2013 Aprobada por Ministerio de Educaci\u00f3n de la Ciudad de Buenos Aires, Resoluci\u00f3n 2023 \u2013 24159 \u2013 GCABA \u2013 SSCDOC \u00a0<\/span><\/i><\/p>\n<p><span style=\"color: #ff0000;\"><b>Contacto:<\/b><\/span><\/p>\n<p><a href=\"mailto:consultas.postitulo@gmail.com\"><span style=\"font-weight: 400;\">consultas.postitulosociales@gmail.com<\/span><\/a><\/p>\n","protected":false},"excerpt":{"rendered":"<p>Especializaci\u00f3n Docente de Nivel Superior en Ense\u00f1anza de las Ciencias Sociales en la Educaci\u00f3n Primaria, con articulaci\u00f3n en ESI y Educaci\u00f3n Digital Descripci\u00f3n T\u00e9cnica: T\u00edtulo que otorga: Especialista Docente de Nivel Superior en Ense\u00f1anza de las Ciencias Sociales en la Educaci\u00f3n Primaria, con articulaci\u00f3n en ESI y Educaci\u00f3n Digital Inicio de la tercera cohorte: marzo &#8230; <a title=\"Especializaci\u00f3n Superior en Ense\u00f1anza de las Ciencias Sociales en la Educaci\u00f3n Primaria, con articulaci\u00f3n en ESI y Educaci\u00f3n Digital\" class=\"read-more\" href=\"https:\/\/ens4-caba.infd.edu.ar\/sitio\/postitulo-docente-especializacion-superior-cohorte-2017\/\" aria-label=\"More on Especializaci\u00f3n Superior en Ense\u00f1anza de las Ciencias Sociales en la Educaci\u00f3n Primaria, con articulaci\u00f3n en ESI y Educaci\u00f3n Digital\">[+]<\/a><\/p>\n","protected":false},"author":2006,"featured_media":0,"parent":0,"menu_order":0,"comment_status":"closed","ping_status":"closed","template":"","meta":[],"acf":[],"_links":{"self":[{"href":"https:\/\/ens4-caba.infd.edu.ar\/sitio\/wp-json\/wp\/v2\/pages\/1003"}],"collection":[{"href":"https:\/\/ens4-caba.infd.edu.ar\/sitio\/wp-json\/wp\/v2\/pages"}],"about":[{"href":"https:\/\/ens4-caba.infd.edu.ar\/sitio\/wp-json\/wp\/v2\/types\/page"}],"author":[{"embeddable":true,"href":"https:\/\/ens4-caba.infd.edu.ar\/sitio\/wp-json\/wp\/v2\/users\/2006"}],"replies":[{"embeddable":true,"href":"https:\/\/ens4-caba.infd.edu.ar\/sitio\/wp-json\/wp\/v2\/comments?post=1003"}],"version-history":[{"count":10,"href":"https:\/\/ens4-caba.infd.edu.ar\/sitio\/wp-json\/wp\/v2\/pages\/1003\/revisions"}],"predecessor-version":[{"id":3211,"href":"https:\/\/ens4-caba.infd.edu.ar\/sitio\/wp-json\/wp\/v2\/pages\/1003\/revisions\/3211"}],"wp:attachment":[{"href":"https:\/\/ens4-caba.infd.edu.ar\/sitio\/wp-json\/wp\/v2\/media?parent=1003"}],"curies":[{"name":"wp","href":"https:\/\/api.w.org\/{rel}","templated":true}]}}